{"id":326,"date":"2023-12-21T18:00:00","date_gmt":"2023-12-21T18:00:00","guid":{"rendered":"http:\/\/bessyreyna.com\/?page_id=326"},"modified":"2023-12-21T18:00:00","modified_gmt":"2023-12-21T18:00:00","slug":"lei-pensa-alla-foto","status":"publish","type":"page","link":"https:\/\/bessyreyna.com\/index.php\/lei-pensa-alla-foto\/","title":{"rendered":"LEI PENSA ALLA FOTO"},"content":{"rendered":"<p class=\"western\"><span style=\"color: #000000;\"><span style=\"font-size: small;\"><span lang=\"es-PA\">Lei pensa che c\u2019\u00e8 stata qualche volta l\u00ec<\/span><\/span><\/span><span style=\"color: #000000;\"><span style=\"font-size: small;\"><span lang=\"es-PA\"><br \/>\n<\/span><\/span><\/span><span style=\"color: #000000;\"><span style=\"font-size: small;\"><span lang=\"es-PA\">una bambina senza maglietta<\/span><\/span><\/span><span style=\"color: #000000;\"><span style=\"font-size: small;\"><span lang=\"es-PA\"><br \/>\n<\/span><\/span><\/span><span style=\"color: #000000;\"><span style=\"font-size: small;\"><span lang=\"es-PA\">con i capelli biondi, lunghi e ricci.<\/span><\/span><\/span><span style=\"color: #000000;\"><span style=\"font-size: small;\"><span lang=\"es-PA\"><br \/>\n<\/span><\/span><\/span><span style=\"color: #000000;\"><span style=\"font-size: small;\"><span lang=\"es-PA\"><br \/>\nLei pensa che \u00e8 stata<\/span><\/span><\/span><span style=\"color: #000000;\"><span style=\"font-size: small;\"><span lang=\"es-PA\"><br \/>\n<\/span><\/span><\/span><span style=\"color: #000000;\"><span style=\"font-size: small;\"><span lang=\"es-PA\">ferma davanti a una palma molto alta.<\/span><\/span><\/span><span style=\"color: #000000;\"><span style=\"font-size: small;\"><span lang=\"es-PA\"><br \/>\n<\/span><\/span><\/span><span style=\"color: #000000;\"><span style=\"font-size: small;\"><span lang=\"es-PA\"><br \/>\nLei pensa che qualcuno ha fatto una foto<\/span><\/span><\/span><span style=\"color: #000000;\"><span style=\"font-size: small;\"><span lang=\"es-PA\"><br \/>\n<\/span><\/span><\/span><span style=\"color: #000000;\"><span style=\"font-size: small;\"><span lang=\"es-PA\">in cui pu\u00f3 vedere la bellezza di quel cielo,<\/span><\/span><\/span><span style=\"color: #000000;\"><span style=\"font-size: small;\"><span lang=\"es-PA\"><br \/>\n<\/span><\/span><\/span><span style=\"color: #000000;\"><span style=\"font-size: small;\"><span lang=\"es-PA\">le nuvole pronte per esplodere,<\/span><\/span><\/span><span style=\"color: #000000;\"><span style=\"font-size: small;\"><span lang=\"es-PA\"><br \/>\n<\/span><\/span><\/span><span style=\"color: #000000;\"><span style=\"font-size: small;\"><span lang=\"es-PA\">il mare distante.<\/span><\/span><\/span><span style=\"color: #000000;\"><span style=\"font-size: small;\"><span lang=\"es-PA\"><br \/>\n<\/span><\/span><\/span><span style=\"color: #000000;\"><span style=\"font-size: small;\"><span lang=\"es-PA\"><br \/>\nLei pensa che stava sorridendo,<\/span><\/span><\/span><span style=\"color: #000000;\"><span style=\"font-size: small;\"><span lang=\"es-PA\"><br \/>\n<\/span><\/span><\/span><span style=\"color: #000000;\"><span style=\"font-size: small;\"><span lang=\"es-PA\">la sua faccia prima di essere stampata con rughe<\/span><\/span><\/span><span style=\"color: #000000;\"><span style=\"font-size: small;\"><span lang=\"es-PA\"><br \/>\n<\/span><\/span><\/span><span style=\"color: #000000;\"><span style=\"font-size: small;\"><span lang=\"es-PA\">acquisite sotto un altro cielo senza passione<\/span><\/span><\/span><span style=\"color: #000000;\"><span style=\"font-size: small;\"><span lang=\"es-PA\"><br \/>\n<\/span><\/span><\/span><span style=\"color: #000000;\"><span style=\"font-size: small;\"><span lang=\"es-PA\"><br \/>\nLei pensa che forse lo ha immaginato la foto<\/span><\/span><\/span><span style=\"color: #000000;\"><span style=\"font-size: small;\"><span lang=\"es-PA\"><br \/>\n<\/span><\/span><\/span><span style=\"color: #000000;\"><span style=\"font-size: small;\"><span lang=\"es-PA\">ma oramai non resta nessuno che possa dirle il contrario.<\/span><\/span><\/span><\/p>\n<p class=\"western\"><span style=\"color: #000000;\"><span style=\"font-size: small;\"><i>Translated by Emma Gunst (https:\/\/libroemmagunst.blogspot.com\/<\/i><\/span><\/span><span style=\"color: #000000;\"><span style=\"font-size: small;\"><span lang=\"es-PA\"><i>2016\/06\/bessy-reyna-2-poemas-2-1.html)<\/i><\/span><\/span><\/span><\/p>\n<div class=\"sharedaddy sd-sharing-enabled\"><div class=\"robots-nocontent sd-block sd-social sd-social-icon sd-sharing\"><h3 class=\"sd-title\">Share this:<\/h3><div class=\"sd-content\"><ul><li class=\"share-facebook\"><a rel=\"nofollow noopener noreferrer\" data-shared=\"sharing-facebook-326\" class=\"share-facebook sd-button share-icon no-text\" href=\"https:\/\/bessyreyna.com\/index.php\/lei-pensa-alla-foto\/?share=facebook\" target=\"_blank\" title=\"Click to share on Facebook\"><span><\/span><span class=\"sharing-screen-reader-text\">Click to share on Facebook (Opens in new window)<\/span><\/a><\/li><li class=\"share-twitter\"><a rel=\"nofollow noopener noreferrer\" data-shared=\"sharing-twitter-326\" class=\"share-twitter sd-button share-icon no-text\" href=\"https:\/\/bessyreyna.com\/index.php\/lei-pensa-alla-foto\/?share=twitter\" target=\"_blank\" title=\"Click to share on Twitter\"><span><\/span><span class=\"sharing-screen-reader-text\">Click to share on Twitter (Opens in new window)<\/span><\/a><\/li><li class=\"share-jetpack-whatsapp\"><a rel=\"nofollow noopener noreferrer\" data-shared=\"\" class=\"share-jetpack-whatsapp sd-button share-icon no-text\" href=\"https:\/\/bessyreyna.com\/index.php\/lei-pensa-alla-foto\/?share=jetpack-whatsapp\" target=\"_blank\" title=\"Click to share on WhatsApp\"><span><\/span><span class=\"sharing-screen-reader-text\">Click to share on WhatsApp (Opens in new window)<\/span><\/a><\/li><li class=\"share-tumblr\"><a rel=\"nofollow noopener noreferrer\" data-shared=\"\" class=\"share-tumblr sd-button share-icon no-text\" href=\"https:\/\/bessyreyna.com\/index.php\/lei-pensa-alla-foto\/?share=tumblr\" target=\"_blank\" title=\"Click to share on Tumblr\"><span><\/span><span class=\"sharing-screen-reader-text\">Click to share on Tumblr (Opens in new window)<\/span><\/a><\/li><li class=\"share-print\"><a rel=\"nofollow noopener noreferrer\" data-shared=\"\" class=\"share-print sd-button share-icon no-text\" href=\"https:\/\/bessyreyna.com\/index.php\/lei-pensa-alla-foto\/\" target=\"_blank\" title=\"Click to print\"><span><\/span><span class=\"sharing-screen-reader-text\">Click to print (Opens in new window)<\/span><\/a><\/li><li class=\"share-end\"><\/li><\/ul><\/div><\/div><\/div>","protected":false},"excerpt":{"rendered":"<p>Lei pensa che c\u2019\u00e8 stata qualche volta l\u00ec una bambina senza maglietta con i capelli biondi, lunghi e ricci. Lei pensa che \u00e8 stata ferma davanti a una palma molto alta. Lei pensa che qualcuno ha fatto una foto in [&hellip;]<\/p>\n<div class=\"sharedaddy sd-sharing-enabled\"><div class=\"robots-nocontent sd-block sd-social sd-social-icon sd-sharing\"><h3 class=\"sd-title\">Share this:<\/h3><div class=\"sd-content\"><ul><li class=\"share-facebook\"><a rel=\"nofollow noopener noreferrer\" data-shared=\"sharing-facebook-326\" class=\"share-facebook sd-button share-icon no-text\" href=\"https:\/\/bessyreyna.com\/index.php\/lei-pensa-alla-foto\/?share=facebook\" target=\"_blank\" title=\"Click to share on Facebook\"><span><\/span><span class=\"sharing-screen-reader-text\">Click to share on Facebook (Opens in new window)<\/span><\/a><\/li><li class=\"share-twitter\"><a rel=\"nofollow noopener noreferrer\" data-shared=\"sharing-twitter-326\" class=\"share-twitter sd-button share-icon no-text\" href=\"https:\/\/bessyreyna.com\/index.php\/lei-pensa-alla-foto\/?share=twitter\" target=\"_blank\" title=\"Click to share on Twitter\"><span><\/span><span class=\"sharing-screen-reader-text\">Click to share on Twitter (Opens in new window)<\/span><\/a><\/li><li class=\"share-jetpack-whatsapp\"><a rel=\"nofollow noopener noreferrer\" data-shared=\"\" class=\"share-jetpack-whatsapp sd-button share-icon no-text\" href=\"https:\/\/bessyreyna.com\/index.php\/lei-pensa-alla-foto\/?share=jetpack-whatsapp\" target=\"_blank\" title=\"Click to share on WhatsApp\"><span><\/span><span class=\"sharing-screen-reader-text\">Click to share on WhatsApp (Opens in new window)<\/span><\/a><\/li><li class=\"share-tumblr\"><a rel=\"nofollow noopener noreferrer\" data-shared=\"\" class=\"share-tumblr sd-button share-icon no-text\" href=\"https:\/\/bessyreyna.com\/index.php\/lei-pensa-alla-foto\/?share=tumblr\" target=\"_blank\" title=\"Click to share on Tumblr\"><span><\/span><span class=\"sharing-screen-reader-text\">Click to share on Tumblr (Opens in new window)<\/span><\/a><\/li><li class=\"share-print\"><a rel=\"nofollow noopener noreferrer\" data-shared=\"\" class=\"share-print sd-button share-icon no-text\" href=\"https:\/\/bessyreyna.com\/index.php\/lei-pensa-alla-foto\/\" target=\"_blank\" title=\"Click to print\"><span><\/span><span class=\"sharing-screen-reader-text\">Click to print (Opens in new window)<\/span><\/a><\/li><li class=\"share-end\"><\/li><\/ul><\/div><\/div><\/div>","protected":false},"author":3,"featured_media":0,"parent":0,"menu_order":0,"comment_status":"closed","ping_status":"closed","template":"","meta":{"spay_email":"","footnotes":""},"jetpack_sharing_enabled":true,"jetpack_shortlink":"https:\/\/wp.me\/PaM72R-5g","_links":{"self":[{"href":"https:\/\/bessyreyna.com\/index.php\/wp-json\/wp\/v2\/pages\/326"}],"collection":[{"href":"https:\/\/bessyreyna.com\/index.php\/wp-json\/wp\/v2\/pages"}],"about":[{"href":"https:\/\/bessyreyna.com\/index.php\/wp-json\/wp\/v2\/types\/page"}],"author":[{"embeddable":true,"href":"https:\/\/bessyreyna.com\/index.php\/wp-json\/wp\/v2\/users\/3"}],"replies":[{"embeddable":true,"href":"https:\/\/bessyreyna.com\/index.php\/wp-json\/wp\/v2\/comments?post=326"}],"version-history":[{"count":1,"href":"https:\/\/bessyreyna.com\/index.php\/wp-json\/wp\/v2\/pages\/326\/revisions"}],"predecessor-version":[{"id":327,"href":"https:\/\/bessyreyna.com\/index.php\/wp-json\/wp\/v2\/pages\/326\/revisions\/327"}],"wp:attachment":[{"href":"https:\/\/bessyreyna.com\/index.php\/wp-json\/wp\/v2\/media?parent=326"}],"curies":[{"name":"wp","href":"https:\/\/api.w.org\/{rel}","templated":true}]}}